{"id":10875,"date":"2025-09-09T09:44:42","date_gmt":"2025-09-09T07:44:42","guid":{"rendered":"https:\/\/www.adcis.net\/?page_id=10875"},"modified":"2025-11-04T15:14:15","modified_gmt":"2025-11-04T14:14:15","slug":"formation-aux-enjeux-de-lia-de-sante","status":"publish","type":"page","link":"https:\/\/www.adcis.net\/fr\/formation-aux-enjeux-de-lia-de-sante\/","title":{"rendered":"Formation aux enjeux de l&rsquo;IA de sant\u00e9"},"content":{"rendered":"\t\t<div data-elementor-type=\"wp-page\" data-elementor-id=\"10875\" class=\"elementor elementor-10875\" data-elementor-post-type=\"page\">\n\t\t\t\t<div class=\"elementor-element elementor-element-d78183c e-con-full e-flex e-con e-parent\" data-id=\"d78183c\" data-element_type=\"container\">\n\t\t\t\t<div class=\"elementor-element elementor-element-f85beeb elementor-widget elementor-widget-text-editor\" data-id=\"f85beeb\" data-element_type=\"widget\" data-widget_type=\"text-editor.default\">\n\t\t\t\t\t\t\t\t\t<p style=\"font-size: medium;\">Les progr\u00e8s des mod\u00e8les d\u2019intelligence artificielle s\u2019acc\u00e9l\u00e8rent. Stimul\u00e9e par les politiques publiques, la disponibilit\u00e9 de la donn\u00e9e de sant\u00e9 participe \u00e0 ce mouvement. A l\u2019initiative des acteurs cliniques, acad\u00e9miques et industriels de la sant\u00e9, les projets se multiplient et commencent \u00e0 transformer nos syst\u00e8mes de sant\u00e9.<\/p><p style=\"font-size: medium;\">Les solutions logicielles dop\u00e9es \u00e0 l\u2019IA arrivent sur le march\u00e9 et contribuent d\u00e9j\u00e0 \u00e0 am\u00e9liorer l\u2019efficacit\u00e9 des organisations de sant\u00e9, aider les m\u00e9decins dans leur prise de d\u00e9cision clinique, acc\u00e9l\u00e9rer les programmes de recherche de nouvelles th\u00e9rapies.<\/p><p style=\"font-size: medium;\">Les technologies qui soutiennent les solutions d\u2019IA \u00e9voluent de plus en plus rapidement, les usages et les opportunit\u00e9s qu\u2019elles ouvrent les suivent, les risques qu\u2019elles soul\u00e8vent sont nombreux.<\/p><p style=\"font-size: medium;\">A ce stade d\u2019un mouvement qui impactera l\u2019ensemble des acteurs de notre syst\u00e8me de sant\u00e9, il est important d\u2019embarquer toutes les parties prenantes et de leur donner les clefs de compr\u00e9hension des enjeux de l\u2019IA de sant\u00e9, quel que soit leur niveau technique.<\/p><p style=\"font-size: medium;\">C\u2019est l\u2019objet de ce module de formation construit par ADCIS, acteur de l\u2019IA de sant\u00e9\u00a0: vulgariser les principes techniques de l\u2019intelligence artificielle, d\u00e9crire les cas d\u2019usage qui s\u2019appliquent \u00e0 la sant\u00e9, identifier les risques \u00e9thiques, industriels et r\u00e9glementaires que ces bouleversements impliquent.<\/p>\t\t\t\t\t\t\t\t<\/div>\n\t\t\t\t<div class=\"elementor-element elementor-element-6ec8cf7 elementor-widget elementor-widget-spacer\" data-id=\"6ec8cf7\" data-element_type=\"widget\" data-widget_type=\"spacer.default\">\n\t\t\t\t\t\t\t<div class=\"elementor-spacer\">\n\t\t\t<div class=\"elementor-spacer-inner\"><\/div>\n\t\t<\/div>\n\t\t\t\t\t\t<\/div>\n\t\t\t\t<div class=\"elementor-element elementor-element-0d01a4e elementor-widget elementor-widget-image\" data-id=\"0d01a4e\" data-element_type=\"widget\" data-widget_type=\"image.default\">\n\t\t\t\t\t\t\t\t\t\t\t\t\t\t\t<img fetchpriority=\"high\" decoding=\"async\" width=\"756\" height=\"570\" src=\"https:\/\/www.adcis.net\/wp-content\/uploads\/2025\/09\/formation-enjeux-IA-de-sante.jpg\" class=\"attachment-large size-large wp-image-10876\" alt=\"\" srcset=\"https:\/\/www.adcis.net\/wp-content\/uploads\/2025\/09\/formation-enjeux-IA-de-sante.jpg 756w, https:\/\/www.adcis.net\/wp-content\/uploads\/2025\/09\/formation-enjeux-IA-de-sante-300x226.jpg 300w\" sizes=\"(max-width: 756px) 100vw, 756px\" \/>\t\t\t\t\t\t\t\t\t\t\t\t\t\t\t<\/div>\n\t\t\t\t<div class=\"elementor-element elementor-element-754fcf1 elementor-widget elementor-widget-spacer\" data-id=\"754fcf1\" data-element_type=\"widget\" data-widget_type=\"spacer.default\">\n\t\t\t\t\t\t\t<div class=\"elementor-spacer\">\n\t\t\t<div class=\"elementor-spacer-inner\"><\/div>\n\t\t<\/div>\n\t\t\t\t\t\t<\/div>\n\t\t\t\t<div class=\"elementor-element elementor-element-2a46c65 elementor-widget__width-initial elementor-widget elementor-widget-testimonial\" data-id=\"2a46c65\" data-element_type=\"widget\" data-widget_type=\"testimonial.default\">\n\t\t\t\t\t\t\t<div class=\"elementor-testimonial-wrapper\">\n\t\t\t\t\t\t\t<div class=\"elementor-testimonial-content\"><i style=\"font-size: medium;text-align: left\">\u00ab Merci \u00e0 ADCIS pour son accompagnement sur la mont\u00e9e en comp\u00e9tence en IA appliqu\u00e9e \u00e0 la sant\u00e9. Son expertise a permis de relier les fondamentaux de l\u2019IA \u00e0 des cas concrets, issus du terrain, et repr\u00e9sentatifs des d\u00e9fis op\u00e9rationnels et r\u00e9glementaires rencontr\u00e9s dans les secteurs sanitaire et m\u00e9dico-social. \u00bb<\/i><\/div>\n\t\t\t\n\t\t\t\t\t\t<div class=\"elementor-testimonial-meta\">\n\t\t\t\t<div class=\"elementor-testimonial-meta-inner\">\n\t\t\t\t\t\n\t\t\t\t\t\t\t\t\t\t<div class=\"elementor-testimonial-details\">\n\t\t\t\t\t\t\t\t\t\t\t\t\t\t<div class=\"elementor-testimonial-name\">Fatima Heniche<\/div>\n\t\t\t\t\t\t\t\t\t\t\t\t\t\t\t\t\t\t\t\t\t\t<div class=\"elementor-testimonial-job\">BPI France<\/div>\n\t\t\t\t\t\t\t\t\t\t\t\t\t<\/div>\n\t\t\t\t\t\t\t\t\t<\/div>\n\t\t\t<\/div>\n\t\t\t\t\t<\/div>\n\t\t\t\t\t\t<\/div>\n\t\t\t\t<div class=\"elementor-element elementor-element-1140072 elementor-widget elementor-widget-spacer\" data-id=\"1140072\" data-element_type=\"widget\" data-widget_type=\"spacer.default\">\n\t\t\t\t\t\t\t<div class=\"elementor-spacer\">\n\t\t\t<div class=\"elementor-spacer-inner\"><\/div>\n\t\t<\/div>\n\t\t\t\t\t\t<\/div>\n\t\t<div class=\"elementor-element elementor-element-b8000ca e-con-full e-flex e-con e-child\" data-id=\"b8000ca\" data-element_type=\"container\">\n\t\t\t\t<div class=\"elementor-element elementor-element-b4aa990 elementor-widget elementor-widget-heading\" data-id=\"b4aa990\" data-element_type=\"widget\" data-widget_type=\"heading.default\">\n\t\t\t\t\t<h2 class=\"elementor-heading-title elementor-size-default\"><span>Pr\u00e9sentation de la formation<\/span><\/h2>\t\t\t\t<\/div>\n\t\t\t\t<div class=\"elementor-element elementor-element-92035b3 elementor-widget elementor-widget-text-editor\" data-id=\"92035b3\" data-element_type=\"widget\" data-widget_type=\"text-editor.default\">\n\t\t\t\t\t\t\t\t\t<p>Pour ne pas r\u00e9pliquer les in\u00e9galit\u00e9s des syst\u00e8mes de sant\u00e9 existants et \u00e9viter de d\u00e9velopper des syst\u00e8mes de sant\u00e9 \u00e0 deux vitesses, il est important de sensibiliser le plus grand nombre aux enjeux de l\u2019IA de sant\u00e9. C\u2019est dans cet \u00e9tat d\u2019esprit qu\u2019a \u00e9t\u00e9 con\u00e7u ce module de formation, qui s\u2019adresse \u00e0 tous :<\/p><ul><li>Les professionnels de sant\u00e9<\/li><li>Les directions des syst\u00e8mes de l\u2019information et de l\u2019innovation des structures de sant\u00e9<\/li><li>Les soci\u00e9t\u00e9s d\u00e9veloppant des dispositifs de sant\u00e9 souhaitant y int\u00e9grer de l\u2019IA<\/li><li>Les organismes financeurs pour \u00eatre en mesure d\u2019\u00e9valuer les projets qui leur sont soumis<\/li><li>Les cabinets de conseil souhaitant acqu\u00e9rir des comp\u00e9tences en IA de sant\u00e9<\/li><\/ul>\t\t\t\t\t\t\t\t<\/div>\n\t\t\t\t<\/div>\n\t\t<div class=\"elementor-element elementor-element-aac87e3 e-con-full e-flex e-con e-child\" data-id=\"aac87e3\" data-element_type=\"container\">\n\t\t\t\t<div class=\"elementor-element elementor-element-b9b6d14 elementor-widget elementor-widget-heading\" data-id=\"b9b6d14\" data-element_type=\"widget\" data-widget_type=\"heading.default\">\n\t\t\t\t\t<h2 class=\"elementor-heading-title elementor-size-default\"><span>A qui s\u2019adresse la formation ?<\/span><\/h2>\t\t\t\t<\/div>\n\t\t\t\t<div class=\"elementor-element elementor-element-8695492 elementor-widget__width-initial elementor-widget elementor-widget-text-editor\" data-id=\"8695492\" data-element_type=\"widget\" data-widget_type=\"text-editor.default\">\n\t\t\t\t\t\t\t\t\t<ul><li>Dans cette formation, nous pr\u00e9sentons d\u2019abord les concepts techniques fondamentaux des syst\u00e8mes d\u2019intelligence artificiels. Machine Learning, Deep Learning, r\u00e9seaux de neurones, NLP, LLM, vision par ordinateurs\u2026 sont autant de concepts qui seront d\u00e9finis, vulgaris\u00e9s et illustr\u00e9s dans la premi\u00e8re partie de la formation.<\/li><li>Dans un second temps, la formation pr\u00e9sente l\u2019utilisation de ces techniques dans un contexte de sant\u00e9 publique. Des cas d\u2019usage concrets, des projets \u00e0 succ\u00e8s et des initiatives malheureuses sont d\u00e9crypt\u00e9es. Les grilles de lecture et m\u00e9thodes d\u2019analyse de ces projets sont \u00e9galement propos\u00e9es.<\/li><li>Enfin, le troisi\u00e8me volet d\u00e9crit les points de vigilance qu\u2019imposent les applications d\u00e9di\u00e9es \u00e0 la sant\u00e9. Les enjeux \u00e9thiques et r\u00e9glementaires sont pos\u00e9s au regard d\u2019exp\u00e9riences concr\u00e8tes.<\/li><\/ul>\t\t\t\t\t\t\t\t<\/div>\n\t\t\t\t<\/div>\n\t\t\t\t<\/div>\n\t\t\t\t<\/div>\n\t\t","protected":false},"excerpt":{"rendered":"<p>Les progr\u00e8s des mod\u00e8les d\u2019intelligence artificielle s\u2019acc\u00e9l\u00e8rent. Stimul\u00e9e par les politiques publiques, la disponibilit\u00e9 de la donn\u00e9e de sant\u00e9 participe \u00e0 ce mouvement. A l\u2019initiative des acteurs cliniques, acad\u00e9miques et industriels de la sant\u00e9, les projets se multiplient et commencent \u00e0 transformer nos syst\u00e8mes de sant\u00e9. Les solutions logicielles dop\u00e9es \u00e0 l\u2019IA arrivent sur le [&hellip;]<\/p>\n","protected":false},"author":20,"featured_media":10877,"parent":0,"menu_order":0,"comment_status":"closed","ping_status":"closed","template":"template-downloadsbasic.php","meta":{"_acf_changed":false,"om_disable_all_campaigns":false,"_monsterinsights_skip_tracking":false,"_monsterinsights_sitenote_active":false,"_monsterinsights_sitenote_note":"","_monsterinsights_sitenote_category":0,"footnotes":""},"class_list":["post-10875","page","type-page","status-publish","has-post-thumbnail","hentry"],"acf":[],"yoast_head":"<!-- This site is optimized with the Yoast SEO plugin v27.5 - https:\/\/yoast.com\/product\/yoast-seo-wordpress\/ -->\n<title>Formation aux enjeux de l&#039;IA en sant\u00e9<\/title>\n<meta name=\"description\" content=\"Ce module de formation vise \u00e0 vulgariser les principes techniques, les cas d\u2019usage, les enjeux et risques de l\u2019IA appliqu\u00e9e \u00e0 la sant\u00e9\" \/>\n<meta name=\"robots\" content=\"index, follow, max-snippet:-1, max-image-preview:large, max-video-preview:-1\" \/>\n<link rel=\"canonical\" href=\"https:\/\/www.adcis.net\/fr\/formation-aux-enjeux-de-lia-de-sante\/\" \/>\n<meta property=\"og:locale\" content=\"fr_FR\" \/>\n<meta property=\"og:type\" content=\"article\" \/>\n<meta property=\"og:title\" content=\"Formation aux enjeux de l&#039;IA en sant\u00e9\" \/>\n<meta property=\"og:description\" content=\"Ce module de formation vise \u00e0 vulgariser les principes techniques, les cas d\u2019usage, les enjeux et risques de l\u2019IA appliqu\u00e9e \u00e0 la sant\u00e9\" \/>\n<meta property=\"og:url\" content=\"https:\/\/www.adcis.net\/fr\/formation-aux-enjeux-de-lia-de-sante\/\" \/>\n<meta property=\"og:site_name\" content=\"ADCIS\" \/>\n<meta property=\"article:publisher\" content=\"http:\/\/www.facebook.com\/pages\/ADCIS\/128595650549725\" \/>\n<meta property=\"article:modified_time\" content=\"2025-11-04T14:14:15+00:00\" \/>\n<meta property=\"og:image\" content=\"https:\/\/www.adcis.net\/wp-content\/uploads\/2025\/09\/Image-1-e1757516783106.jpg\" \/>\n\t<meta property=\"og:image:width\" content=\"1310\" \/>\n\t<meta property=\"og:image:height\" content=\"791\" \/>\n\t<meta property=\"og:image:type\" content=\"image\/jpeg\" \/>\n<meta name=\"twitter:card\" content=\"summary_large_image\" \/>\n<meta name=\"twitter:site\" content=\"@ADCIS4\" \/>\n<meta name=\"twitter:label1\" content=\"Dur\u00e9e de lecture estim\u00e9e\" \/>\n\t<meta name=\"twitter:data1\" content=\"1 minute\" \/>\n<script type=\"application\/ld+json\" class=\"yoast-schema-graph\">{\"@context\":\"https:\\\/\\\/schema.org\",\"@graph\":[{\"@type\":\"WebPage\",\"@id\":\"https:\\\/\\\/www.adcis.net\\\/fr\\\/formation-aux-enjeux-de-lia-de-sante\\\/\",\"url\":\"https:\\\/\\\/www.adcis.net\\\/fr\\\/formation-aux-enjeux-de-lia-de-sante\\\/\",\"name\":\"Formation aux enjeux de l'IA en sant\u00e9\",\"isPartOf\":{\"@id\":\"https:\\\/\\\/www.adcis.net\\\/#website\"},\"primaryImageOfPage\":{\"@id\":\"https:\\\/\\\/www.adcis.net\\\/fr\\\/formation-aux-enjeux-de-lia-de-sante\\\/#primaryimage\"},\"image\":{\"@id\":\"https:\\\/\\\/www.adcis.net\\\/fr\\\/formation-aux-enjeux-de-lia-de-sante\\\/#primaryimage\"},\"thumbnailUrl\":\"https:\\\/\\\/www.adcis.net\\\/wp-content\\\/uploads\\\/2025\\\/09\\\/Image-1-e1757516783106.jpg\",\"datePublished\":\"2025-09-09T07:44:42+00:00\",\"dateModified\":\"2025-11-04T14:14:15+00:00\",\"description\":\"Ce module de formation vise \u00e0 vulgariser les principes techniques, les cas d\u2019usage, les enjeux et risques de l\u2019IA appliqu\u00e9e \u00e0 la sant\u00e9\",\"breadcrumb\":{\"@id\":\"https:\\\/\\\/www.adcis.net\\\/fr\\\/formation-aux-enjeux-de-lia-de-sante\\\/#breadcrumb\"},\"inLanguage\":\"fr-FR\",\"potentialAction\":[{\"@type\":\"ReadAction\",\"target\":[\"https:\\\/\\\/www.adcis.net\\\/fr\\\/formation-aux-enjeux-de-lia-de-sante\\\/\"]}]},{\"@type\":\"ImageObject\",\"inLanguage\":\"fr-FR\",\"@id\":\"https:\\\/\\\/www.adcis.net\\\/fr\\\/formation-aux-enjeux-de-lia-de-sante\\\/#primaryimage\",\"url\":\"https:\\\/\\\/www.adcis.net\\\/wp-content\\\/uploads\\\/2025\\\/09\\\/Image-1-e1757516783106.jpg\",\"contentUrl\":\"https:\\\/\\\/www.adcis.net\\\/wp-content\\\/uploads\\\/2025\\\/09\\\/Image-1-e1757516783106.jpg\",\"width\":1310,\"height\":791,\"caption\":\"Formation IA en sant\u00e9\"},{\"@type\":\"BreadcrumbList\",\"@id\":\"https:\\\/\\\/www.adcis.net\\\/fr\\\/formation-aux-enjeux-de-lia-de-sante\\\/#breadcrumb\",\"itemListElement\":[{\"@type\":\"ListItem\",\"position\":1,\"name\":\"Accueil\",\"item\":\"https:\\\/\\\/www.adcis.net\\\/en\\\/home\\\/\"},{\"@type\":\"ListItem\",\"position\":2,\"name\":\"Formation aux enjeux de l&rsquo;IA de sant\u00e9\"}]},{\"@type\":\"WebSite\",\"@id\":\"https:\\\/\\\/www.adcis.net\\\/#website\",\"url\":\"https:\\\/\\\/www.adcis.net\\\/\",\"name\":\"ADCIS\",\"description\":\"Site de la soci\u00e9t\u00e9 ADCIS\",\"publisher\":{\"@id\":\"https:\\\/\\\/www.adcis.net\\\/#organization\"},\"potentialAction\":[{\"@type\":\"SearchAction\",\"target\":{\"@type\":\"EntryPoint\",\"urlTemplate\":\"https:\\\/\\\/www.adcis.net\\\/?s={search_term_string}\"},\"query-input\":{\"@type\":\"PropertyValueSpecification\",\"valueRequired\":true,\"valueName\":\"search_term_string\"}}],\"inLanguage\":\"fr-FR\"},{\"@type\":\"Organization\",\"@id\":\"https:\\\/\\\/www.adcis.net\\\/#organization\",\"name\":\"ADCIS\",\"url\":\"https:\\\/\\\/www.adcis.net\\\/\",\"logo\":{\"@type\":\"ImageObject\",\"inLanguage\":\"fr-FR\",\"@id\":\"https:\\\/\\\/www.adcis.net\\\/#\\\/schema\\\/logo\\\/image\\\/\",\"url\":\"https:\\\/\\\/www.adcis.net\\\/wp-content\\\/uploads\\\/2024\\\/03\\\/Adcis-Logo-mobile-fr.png\",\"contentUrl\":\"https:\\\/\\\/www.adcis.net\\\/wp-content\\\/uploads\\\/2024\\\/03\\\/Adcis-Logo-mobile-fr.png\",\"width\":627,\"height\":919,\"caption\":\"ADCIS\"},\"image\":{\"@id\":\"https:\\\/\\\/www.adcis.net\\\/#\\\/schema\\\/logo\\\/image\\\/\"},\"sameAs\":[\"http:\\\/\\\/www.facebook.com\\\/pages\\\/ADCIS\\\/128595650549725\",\"https:\\\/\\\/x.com\\\/ADCIS4\",\"https:\\\/\\\/www.linkedin.com\\\/company\\\/adcis\",\"http:\\\/\\\/www.youtube.com\\\/user\\\/ADCIS1\"]}]}<\/script>\n<!-- \/ Yoast SEO plugin. -->","yoast_head_json":{"title":"Formation aux enjeux de l'IA en sant\u00e9","description":"Ce module de formation vise \u00e0 vulgariser les principes techniques, les cas d\u2019usage, les enjeux et risques de l\u2019IA appliqu\u00e9e \u00e0 la sant\u00e9","robots":{"index":"index","follow":"follow","max-snippet":"max-snippet:-1","max-image-preview":"max-image-preview:large","max-video-preview":"max-video-preview:-1"},"canonical":"https:\/\/www.adcis.net\/fr\/formation-aux-enjeux-de-lia-de-sante\/","og_locale":"fr_FR","og_type":"article","og_title":"Formation aux enjeux de l'IA en sant\u00e9","og_description":"Ce module de formation vise \u00e0 vulgariser les principes techniques, les cas d\u2019usage, les enjeux et risques de l\u2019IA appliqu\u00e9e \u00e0 la sant\u00e9","og_url":"https:\/\/www.adcis.net\/fr\/formation-aux-enjeux-de-lia-de-sante\/","og_site_name":"ADCIS","article_publisher":"http:\/\/www.facebook.com\/pages\/ADCIS\/128595650549725","article_modified_time":"2025-11-04T14:14:15+00:00","og_image":[{"width":1310,"height":791,"url":"https:\/\/www.adcis.net\/wp-content\/uploads\/2025\/09\/Image-1-e1757516783106.jpg","type":"image\/jpeg"}],"twitter_card":"summary_large_image","twitter_site":"@ADCIS4","twitter_misc":{"Dur\u00e9e de lecture estim\u00e9e":"1 minute"},"schema":{"@context":"https:\/\/schema.org","@graph":[{"@type":"WebPage","@id":"https:\/\/www.adcis.net\/fr\/formation-aux-enjeux-de-lia-de-sante\/","url":"https:\/\/www.adcis.net\/fr\/formation-aux-enjeux-de-lia-de-sante\/","name":"Formation aux enjeux de l'IA en sant\u00e9","isPartOf":{"@id":"https:\/\/www.adcis.net\/#website"},"primaryImageOfPage":{"@id":"https:\/\/www.adcis.net\/fr\/formation-aux-enjeux-de-lia-de-sante\/#primaryimage"},"image":{"@id":"https:\/\/www.adcis.net\/fr\/formation-aux-enjeux-de-lia-de-sante\/#primaryimage"},"thumbnailUrl":"https:\/\/www.adcis.net\/wp-content\/uploads\/2025\/09\/Image-1-e1757516783106.jpg","datePublished":"2025-09-09T07:44:42+00:00","dateModified":"2025-11-04T14:14:15+00:00","description":"Ce module de formation vise \u00e0 vulgariser les principes techniques, les cas d\u2019usage, les enjeux et risques de l\u2019IA appliqu\u00e9e \u00e0 la sant\u00e9","breadcrumb":{"@id":"https:\/\/www.adcis.net\/fr\/formation-aux-enjeux-de-lia-de-sante\/#breadcrumb"},"inLanguage":"fr-FR","potentialAction":[{"@type":"ReadAction","target":["https:\/\/www.adcis.net\/fr\/formation-aux-enjeux-de-lia-de-sante\/"]}]},{"@type":"ImageObject","inLanguage":"fr-FR","@id":"https:\/\/www.adcis.net\/fr\/formation-aux-enjeux-de-lia-de-sante\/#primaryimage","url":"https:\/\/www.adcis.net\/wp-content\/uploads\/2025\/09\/Image-1-e1757516783106.jpg","contentUrl":"https:\/\/www.adcis.net\/wp-content\/uploads\/2025\/09\/Image-1-e1757516783106.jpg","width":1310,"height":791,"caption":"Formation IA en sant\u00e9"},{"@type":"BreadcrumbList","@id":"https:\/\/www.adcis.net\/fr\/formation-aux-enjeux-de-lia-de-sante\/#breadcrumb","itemListElement":[{"@type":"ListItem","position":1,"name":"Accueil","item":"https:\/\/www.adcis.net\/en\/home\/"},{"@type":"ListItem","position":2,"name":"Formation aux enjeux de l&rsquo;IA de sant\u00e9"}]},{"@type":"WebSite","@id":"https:\/\/www.adcis.net\/#website","url":"https:\/\/www.adcis.net\/","name":"ADCIS","description":"Site de la soci\u00e9t\u00e9 ADCIS","publisher":{"@id":"https:\/\/www.adcis.net\/#organization"},"potentialAction":[{"@type":"SearchAction","target":{"@type":"EntryPoint","urlTemplate":"https:\/\/www.adcis.net\/?s={search_term_string}"},"query-input":{"@type":"PropertyValueSpecification","valueRequired":true,"valueName":"search_term_string"}}],"inLanguage":"fr-FR"},{"@type":"Organization","@id":"https:\/\/www.adcis.net\/#organization","name":"ADCIS","url":"https:\/\/www.adcis.net\/","logo":{"@type":"ImageObject","inLanguage":"fr-FR","@id":"https:\/\/www.adcis.net\/#\/schema\/logo\/image\/","url":"https:\/\/www.adcis.net\/wp-content\/uploads\/2024\/03\/Adcis-Logo-mobile-fr.png","contentUrl":"https:\/\/www.adcis.net\/wp-content\/uploads\/2024\/03\/Adcis-Logo-mobile-fr.png","width":627,"height":919,"caption":"ADCIS"},"image":{"@id":"https:\/\/www.adcis.net\/#\/schema\/logo\/image\/"},"sameAs":["http:\/\/www.facebook.com\/pages\/ADCIS\/128595650549725","https:\/\/x.com\/ADCIS4","https:\/\/www.linkedin.com\/company\/adcis","http:\/\/www.youtube.com\/user\/ADCIS1"]}]}},"_links":{"self":[{"href":"https:\/\/www.adcis.net\/index.php\/wp-json\/wp\/v2\/pages\/10875","targetHints":{"allow":["GET"]}}],"collection":[{"href":"https:\/\/www.adcis.net\/index.php\/wp-json\/wp\/v2\/pages"}],"about":[{"href":"https:\/\/www.adcis.net\/index.php\/wp-json\/wp\/v2\/types\/page"}],"author":[{"embeddable":true,"href":"https:\/\/www.adcis.net\/index.php\/wp-json\/wp\/v2\/users\/20"}],"replies":[{"embeddable":true,"href":"https:\/\/www.adcis.net\/index.php\/wp-json\/wp\/v2\/comments?post=10875"}],"version-history":[{"count":38,"href":"https:\/\/www.adcis.net\/index.php\/wp-json\/wp\/v2\/pages\/10875\/revisions"}],"predecessor-version":[{"id":11123,"href":"https:\/\/www.adcis.net\/index.php\/wp-json\/wp\/v2\/pages\/10875\/revisions\/11123"}],"wp:featuredmedia":[{"embeddable":true,"href":"https:\/\/www.adcis.net\/index.php\/wp-json\/wp\/v2\/media\/10877"}],"wp:attachment":[{"href":"https:\/\/www.adcis.net\/index.php\/wp-json\/wp\/v2\/media?parent=10875"}],"curies":[{"name":"wp","href":"https:\/\/api.w.org\/{rel}","templated":true}]}}